{"id":86,"date":"2013-12-10T02:40:44","date_gmt":"2013-12-10T07:40:44","guid":{"rendered":"http:\/\/macmcclure.com\/?page_id=90"},"modified":"2023-04-23T20:35:46","modified_gmt":"2023-04-24T01:35:46","slug":"discografia","status":"publish","type":"page","link":"https:\/\/www.macmcclure.com\/en\/discografia\/","title":{"rendered":"Discography"},"content":{"rendered":"<p>[et_pb_section fb_built=\u00bb1&#8243; fullwidth=\u00bbon\u00bb _builder_version=\u00bb4.16&#8243; global_colors_info=\u00bb{}\u00bb][et_pb_fullwidth_post_title meta=\u00bboff\u00bb featured_image=\u00bboff\u00bb text_color=\u00bblight\u00bb _builder_version=\u00bb4.16&#8243; title_font_size=\u00bb40px\u00bb background_image=\u00bbhttps:\/\/www.macmcclure.com\/wp-content\/uploads\/discografia-3.jpg\u00bb text_orientation=\u00bbcenter\u00bb custom_padding=\u00bb||110px|\u00bb animation_style=\u00bbfade\u00bb text_shadow_style=\u00bbpreset1&#8243; global_colors_info=\u00bb{}\u00bb][\/et_pb_fullwidth_post_title][\/et_pb_section][et_pb_section fb_built=\u00bb1&#8243; _builder_version=\u00bb4.16&#8243; global_colors_info=\u00bb{}\u00bb][et_pb_row column_structure=\u00bb1_3,1_3,1_3&#8243; module_class=\u00bbfive-columns\u00bb _builder_version=\u00bb4.18.0&#8243; global_colors_info=\u00bb{}\u00bb][et_pb_column type=\u00bb1_3&#8243; _builder_version=\u00bb4.16&#8243; custom_padding=\u00bb|||\u00bb global_colors_info=\u00bb{}\u00bb custom_padding__hover=\u00bb|||\u00bb][et_pb_blurb title=\u00bbA Trip to Granada\u00bb url=\u00bbhttps:\/\/www.macmcclure.com\/5037-2\/\u00bb url_new_window=\u00bbon\u00bb image=\u00bbhttps:\/\/www.macmcclure.com\/wp-content\/uploads\/2022\/11\/Imagen4.png\u00bb image_icon_width=\u00bb94%\u00bb _builder_version=\u00bb4.18.0&#8243; header_font=\u00bb||||||||\u00bb header_font_size=\u00bb24px\u00bb text_orientation=\u00bbcenter\u00bb width=\u00bb100%\u00bb min_height=\u00bb253px\u00bb custom_padding=\u00bb|9px|6px|||\u00bb link_option_url_new_window=\u00bbon\u00bb border_width_all_image=\u00bb1px\u00bb image_max_width=\u00bb94%\u00bb global_colors_info=\u00bb{}\u00bb]<\/p>\n<p>Interpretes: Anna Tonna, mezzo soprano<\/p>\n<p><span style=\"font-size: 15px;\">\u00a0<\/span><span style=\"font-size: 15px;\">Mac McClure, piano<\/span><\/p>\n<p>[\/et_pb_blurb][\/et_pb_column][et_pb_column type=\u00bb1_3&#8243; _builder_version=\u00bb4.18.0&#8243; _module_preset=\u00bbdefault\u00bb global_colors_info=\u00bb{}\u00bb][et_pb_blurb title=\u00bbTurull; M\u00fasica de Cambra\u00a0\u00bb url=\u00bbhttps:\/\/www.macmcclure.com\/?page_id=5410&#038;et_fb=1&#038;PageSpeed=off\u00bb url_new_window=\u00bbon\u00bb image=\u00bbhttps:\/\/www.macmcclure.com\/wp-content\/uploads\/2023\/04\/Turull.png\u00bb image_icon_width=\u00bb94%\u00bb _builder_version=\u00bb4.18.0&#8243; header_font=\u00bb||||||||\u00bb header_font_size=\u00bb24px\u00bb text_orientation=\u00bbcenter\u00bb width=\u00bb100%\u00bb min_height=\u00bb253px\u00bb custom_padding=\u00bb|9px|6px|||\u00bb link_option_url_new_window=\u00bbon\u00bb hover_enabled=\u00bb0&#8243; border_width_all_image=\u00bb1px\u00bb image_max_width=\u00bb94%\u00bb global_colors_info=\u00bb{}\u00bb title_text=\u00bbTurull\u00bb sticky_enabled=\u00bb0&#8243;]<\/p>\n<p>Interpretes: <span style=\"font-size: 15px;\">Mac McClure, <\/span><span style=\"font-size: 15px;\">Marisa Martin, Katia Michel<\/span><\/p>\n<p>[\/et_pb_blurb][\/et_pb_column][et_pb_column type=\u00bb1_3&#8243; _builder_version=\u00bb4.18.0&#8243; _module_preset=\u00bbdefault\u00bb global_colors_info=\u00bb{}\u00bb][et_pb_blurb title=\u00bbMac McClure plays Bach Haydn Mozart\u00bb url=\u00bbhttps:\/\/www.macmcclure.com\/borrador-automatico-2\/\u00bb url_new_window=\u00bbon\u00bb image=\u00bbhttps:\/\/www.macmcclure.com\/wp-content\/uploads\/2023\/04\/Portada-Bach-Haydn-Mozart.png\u00bb image_icon_width=\u00bb94%\u00bb _builder_version=\u00bb4.18.0&#8243; header_font=\u00bb||||||||\u00bb header_font_size=\u00bb24px\u00bb text_orientation=\u00bbcenter\u00bb width=\u00bb100%\u00bb min_height=\u00bb332px\u00bb custom_padding=\u00bb|9px|6px|||\u00bb link_option_url=\u00bbhttps:\/\/www.macmcclure.com\/4640-2\/\u00bb hover_enabled=\u00bb0&#8243; border_width_all_image=\u00bb1px\u00bb image_max_width=\u00bb94%\u00bb global_colors_info=\u00bb{}\u00bb sticky_enabled=\u00bb0&#8243;]<\/p>\n<p>Int\u00e9rprete Mac McClure<\/p>\n<p>[\/et_pb_blurb][\/et_pb_column][\/et_pb_row][et_pb_row column_structure=\u00bb1_3,1_3,1_3&#8243; module_class=\u00bbfive-columns\u00bb _builder_version=\u00bb4.16&#8243; global_colors_info=\u00bb{}\u00bb][et_pb_column type=\u00bb1_3&#8243; _builder_version=\u00bb4.16&#8243; custom_padding=\u00bb|||\u00bb global_colors_info=\u00bb{}\u00bb custom_padding__hover=\u00bb|||\u00bb][et_pb_blurb title=\u00bbBarcelona Toujours\u00bb url=\u00bbhttps:\/\/www.macmcclure.com\/4685-2\/\u00bb url_new_window=\u00bbon\u00bb image=\u00bbhttps:\/\/www.macmcclure.com\/wp-content\/uploads\/Barcelona-Toujours-1.jpg\u00bb image_icon_width=\u00bb94%\u00bb _builder_version=\u00bb4.16&#8243; header_font=\u00bb||||||||\u00bb header_font_size=\u00bb24px\u00bb text_orientation=\u00bbcenter\u00bb width=\u00bb100%\u00bb min_height=\u00bb332px\u00bb custom_padding=\u00bb|9px|6px|||\u00bb link_option_url_new_window=\u00bbon\u00bb border_width_all_image=\u00bb1px\u00bb image_max_width=\u00bb94%\u00bb global_colors_info=\u00bb{}\u00bb]<\/p>\n<p>Int\u00e9rprete Mac McClure<\/p>\n<p>[\/et_pb_blurb][\/et_pb_column][et_pb_column type=\u00bb1_3&#8243; _builder_version=\u00bb4.18.0&#8243; _module_preset=\u00bbdefault\u00bb global_colors_info=\u00bb{}\u00bb][et_pb_blurb title=\u00bbCarlota Garriga Improvisaciones en silencio\u00bb url=\u00bbhttps:\/\/www.macmcclure.com\/carlota-garriga-improvisaciones-en-silencio\/\u00bb url_new_window=\u00bbon\u00bb image=\u00bbhttps:\/\/www.macmcclure.com\/wp-content\/uploads\/IMG-20220118-WA0003.jpg\u00bb image_icon_width=\u00bb94%\u00bb _builder_version=\u00bb4.16&#8243; header_font=\u00bb||||||||\u00bb header_font_size=\u00bb24px\u00bb text_orientation=\u00bbcenter\u00bb width=\u00bb100%\u00bb min_height=\u00bb253px\u00bb custom_padding=\u00bb|9px|6px|||\u00bb link_option_url_new_window=\u00bbon\u00bb border_width_all_image=\u00bb1px\u00bb image_max_width=\u00bb94%\u00bb global_colors_info=\u00bb{}\u00bb]<\/p>\n<p>Interprete:\u00a0<span style=\"font-size: 15px;\">Marisa Martin y\u00a0<\/span><span style=\"font-size: 15px;\">Mac McClure<\/span><\/p>\n<p>[\/et_pb_blurb][\/et_pb_column][et_pb_column type=\u00bb1_3&#8243; _builder_version=\u00bb4.16&#8243; custom_padding=\u00bb|||\u00bb global_colors_info=\u00bb{}\u00bb custom_padding__hover=\u00bb|||\u00bb][et_pb_blurb title=\u00bbSerenade\u00bb url=\u00bbhttps:\/\/www.macmcclure.com\/serenade-juan-carlos-higuita-and-mac-mcclure\/\u00bb image=\u00bbhttps:\/\/www.macmcclure.com\/wp-content\/uploads\/CD_propuesta_cover.png\u00bb image_icon_width=\u00bb94%\u00bb _builder_version=\u00bb4.18.0&#8243; header_font=\u00bb||||||||\u00bb header_font_size=\u00bb24px\u00bb text_orientation=\u00bbcenter\u00bb width=\u00bb93.6%\u00bb custom_margin=\u00bb|-425px||||\u00bb custom_padding=\u00bb|0px||||\u00bb border_width_all_image=\u00bb1px\u00bb image_max_width=\u00bb94%\u00bb global_colors_info=\u00bb{}\u00bb]<\/p>\n<p>Int\u00e9rpretes:\u00a0<span style=\"font-size: 15px;\">Juan Carlos Higuita, viol\u00edn\u00a0 \u00a0 \u00a0 \u00a0 \u00a0 \u00a0 \u00a0Mac McClure, piano<\/span><\/p>\n<p>[\/et_pb_blurb][\/et_pb_column][\/et_pb_row][et_pb_row column_structure=\u00bb1_3,1_3,1_3&#8243; module_class=\u00bbfive-columns\u00bb _builder_version=\u00bb4.16&#8243; global_colors_info=\u00bb{}\u00bb][et_pb_column type=\u00bb1_3&#8243; _builder_version=\u00bb4.16&#8243; custom_padding=\u00bb|||\u00bb global_colors_info=\u00bb{}\u00bb custom_padding__hover=\u00bb|||\u00bb][et_pb_blurb title=\u00bbJaime Le\u00f3n\u00bb url=\u00bbhttps:\/\/www.macmcclure.com\/discografia\/jaime-leon\/\u00bb url_new_window=\u00bbon\u00bb image=\u00bbhttps:\/\/www.macmcclure.com\/wp-content\/uploads\/CD-Jaime-Leon-.png\u00bb image_icon_width=\u00bb95%\u00bb _builder_version=\u00bb4.16&#8243; header_font=\u00bb||||||||\u00bb header_font_size=\u00bb24px\u00bb text_orientation=\u00bbcenter\u00bb width=\u00bb100%\u00bb min_height=\u00bb325px\u00bb custom_margin=\u00bb|5px||-5px||\u00bb custom_padding=\u00bb|0px|0px|||\u00bb link_option_url_new_window=\u00bbon\u00bb image_max_width=\u00bb95%\u00bb global_colors_info=\u00bb{}\u00bb]<\/p>\n<p>\u00a0 \u00a0 Int\u00e9rpretes: EAFIT Symphony\u00a0 \u00a0 \u00a0 \u00a0 \u00a0 \u00a0Orchestra, Arcadia Chamber\u00a0 \u00a0 \u00a0 \u00a0 \u00a0 \u00a0 \u00a0 Choir,\u00a0 Tonos Humanos\u00a0 y\u00a0 \u00a0 \u00a0 Mac McClure<\/p>\n<p>[\/et_pb_blurb][\/et_pb_column][et_pb_column type=\u00bb1_3&#8243; _builder_version=\u00bb4.16&#8243; custom_padding=\u00bb|||\u00bb global_colors_info=\u00bb{}\u00bb custom_padding__hover=\u00bb|||\u00bb][et_pb_blurb title=\u00bbBarcelona Sempre\u00bb url_new_window=\u00bbon\u00bb image=\u00bbhttps:\/\/www.macmcclure.com\/wp-content\/uploads\/portada-scaled.jpg\u00bb image_icon_width=\u00bb94%\u00bb _builder_version=\u00bb4.18.0&#8243; header_font=\u00bb||||||||\u00bb header_font_size=\u00bb24px\u00bb text_orientation=\u00bbcenter\u00bb width=\u00bb100%\u00bb min_height=\u00bb332px\u00bb custom_padding=\u00bb|9px|6px|||\u00bb link_option_url=\u00bbhttps:\/\/www.macmcclure.com\/4640-2\/\u00bb border_width_all_image=\u00bb1px\u00bb image_max_width=\u00bb94%\u00bb global_colors_info=\u00bb{}\u00bb]<\/p>\n<p>Int\u00e9rprete Mac McClure<\/p>\n<p>[\/et_pb_blurb][et_pb_blurb title=\u00bbJoaquim Zamacois   Songs and Piano Works\u00bb url=\u00bbhttps:\/\/www.macmcclure.com\/discografia\/joaquin-zamacois\/\u00bb url_new_window=\u00bbon\u00bb image=\u00bbhttps:\/\/www.macmcclure.com\/wp-content\/uploads\/Joaquim-Zamacois.jpg\u00bb image_icon_width=\u00bb95%\u00bb _builder_version=\u00bb4.16&#8243; header_font=\u00bb||||||||\u00bb header_font_size=\u00bb24px\u00bb text_orientation=\u00bbcenter\u00bb width=\u00bb100%\u00bb min_height=\u00bb325px\u00bb custom_margin=\u00bb|5px||-5px||\u00bb custom_padding=\u00bb|0px|0px|||\u00bb link_option_url_new_window=\u00bbon\u00bb image_max_width=\u00bb95%\u00bb global_colors_info=\u00bb{}\u00bb]<\/p>\n<p>\u00a0 \u00a0 \u00a0 Int\u00e9rpretes:\u00a0 Leslye Berrio,\u00a0 \u00a0 \u00a0 \u00a0 Martha Matheu,\u00a0 Rosa Mateu\u00a0 y\u00a0 \u00a0 Mac McClure<\/p>\n<p>[\/et_pb_blurb][\/et_pb_column][et_pb_column type=\u00bb1_3&#8243; _builder_version=\u00bb4.16&#8243; custom_padding=\u00bb|||\u00bb global_colors_info=\u00bb{}\u00bb custom_padding__hover=\u00bb|||\u00bb][et_pb_blurb title=\u00bbBarcelona Always\u00bb url=\u00bbhttps:\/\/www.macmcclure.com\/discografia\/barcelona-always\/\u00bb url_new_window=\u00bbon\u00bb image=\u00bbhttps:\/\/www.macmcclure.com\/wp-content\/uploads\/Barcelona-Toujours.jpg\u00bb image_icon_width=\u00bb94%\u00bb _builder_version=\u00bb4.16&#8243; header_font=\u00bb||||||||\u00bb header_font_size=\u00bb24px\u00bb text_orientation=\u00bbcenter\u00bb width=\u00bb93.6%\u00bb custom_margin=\u00bb|-425px||||\u00bb custom_padding=\u00bb|0px||||\u00bb link_option_url_new_window=\u00bbon\u00bb border_width_all_image=\u00bb1px\u00bb image_max_width=\u00bb94%\u00bb global_colors_info=\u00bb{}\u00bb]<\/p>\n<p>Int\u00e9rprete Mac McClure<\/p>\n<p>[\/et_pb_blurb][\/et_pb_column][\/et_pb_row][et_pb_row column_structure=\u00bb1_5,1_5,1_5,1_5,1_5&#8243; module_class=\u00bbfive-columns\u00bb _builder_version=\u00bb4.18.0&#8243; global_colors_info=\u00bb{}\u00bb][et_pb_column type=\u00bb1_5&#8243; _builder_version=\u00bb4.16&#8243; custom_padding=\u00bb|||\u00bb global_colors_info=\u00bb{}\u00bb custom_padding__hover=\u00bb|||\u00bb][et_pb_blurb title=\u00bbAlbeniz \u2013 The French Connection.\u00bb url=\u00bbhttps:\/\/www.macmcclure.com\/discografia\/albeniz-the-french-connection\/\u00bb url_new_window=\u00bbon\u00bb image=\u00bbhttps:\/\/www.macmcclure.com\/wp-content\/uploads\/Albeniz-The-French-Connection-150&#215;150-2.jpg\u00bb _builder_version=\u00bb4.16&#8243; text_orientation=\u00bbcenter\u00bb link_option_url_new_window=\u00bbon\u00bb global_colors_info=\u00bb{}\u00bb]Int\u00e9rprete Mac McClure<br \/>\n[\/et_pb_blurb][\/et_pb_column][et_pb_column type=\u00bb1_5&#8243; _builder_version=\u00bb4.18.0&#8243; _module_preset=\u00bbdefault\u00bb global_colors_info=\u00bb{}\u00bb][et_pb_blurb title=\u00bbAmor de Dona.\u00bb image=\u00bbhttps:\/\/www.macmcclure.com\/wp-content\/uploads\/Amore-de-Dona-150&#215;150-2.jpg\u00bb _builder_version=\u00bb4.16&#8243; text_orientation=\u00bbcenter\u00bb link_option_url=\u00bbhttps:\/\/www.macmcclure.com\/discografia\/amor-de-dona-ricard-lamote-de-grignon\/?et_fb=1&#038;PageSpeed=off\u00bb link_option_url_new_window=\u00bbon\u00bb global_colors_info=\u00bb{}\u00bb]Int\u00e9rprete Mac McClure<br \/>\n[\/et_pb_blurb][\/et_pb_column][et_pb_column type=\u00bb1_5&#8243; _builder_version=\u00bb4.18.0&#8243; _module_preset=\u00bbdefault\u00bb global_colors_info=\u00bb{}\u00bb][et_pb_blurb title=\u00bbAnell Sagrat.\u00bb url_new_window=\u00bbon\u00bb image=\u00bbhttps:\/\/www.macmcclure.com\/wp-content\/uploads\/Anell-Sagrat-150&#215;150-2.jpg\u00bb _builder_version=\u00bb4.16&#8243; text_orientation=\u00bbcenter\u00bb link_option_url=\u00bbhttps:\/\/www.macmcclure.com\/discografia\/anell-sagrat-by-ernest-borras\/?et_fb=1&#038;PageSpeed=off\u00bb link_option_url_new_window=\u00bbon\u00bb global_colors_info=\u00bb{}\u00bb]Int\u00e9rprete Mac McClure<br \/>\n[\/et_pb_blurb][\/et_pb_column][et_pb_column type=\u00bb1_5&#8243; _builder_version=\u00bb4.18.0&#8243; _module_preset=\u00bbdefault\u00bb global_colors_info=\u00bb{}\u00bb][et_pb_blurb title=\u00bbCarlota Garrica \u2013 Elegia.\u00bb image=\u00bbhttps:\/\/www.macmcclure.com\/wp-content\/uploads\/Carlota-Garrica-Elegia-150&#215;150-2.jpg\u00bb _builder_version=\u00bb4.16&#8243; text_orientation=\u00bbcenter\u00bb global_colors_info=\u00bb{}\u00bb]Int\u00e9rprete Mac McClure<br \/>\n[\/et_pb_blurb][\/et_pb_column][et_pb_column type=\u00bb1_5&#8243; _builder_version=\u00bb4.18.0&#8243; _module_preset=\u00bbdefault\u00bb global_colors_info=\u00bb{}\u00bb][et_pb_blurb title=\u00bbConsuelo Colomer.\u00bb image=\u00bbhttps:\/\/www.macmcclure.com\/wp-content\/uploads\/Consuelo-Colomer-150&#215;150-2.jpg\u00bb _builder_version=\u00bb4.16&#8243; text_orientation=\u00bbcenter\u00bb global_colors_info=\u00bb{}\u00bb]Int\u00e9rprete Mac McClure<br \/>\n[\/et_pb_blurb][\/et_pb_column][\/et_pb_row][et_pb_row column_structure=\u00bb1_5,1_5,1_5,1_5,1_5&#8243; module_class=\u00bbfive-columns\u00bb _builder_version=\u00bb4.18.0&#8243; global_colors_info=\u00bb{}\u00bb][et_pb_column type=\u00bb1_5&#8243; _builder_version=\u00bb4.16&#8243; custom_padding=\u00bb|||\u00bb global_colors_info=\u00bb{}\u00bb custom_padding__hover=\u00bb|||\u00bb][et_pb_blurb title=\u00bbFrederic Mompou \u2013 Canciones y Danzas.\u00bb image=\u00bbhttps:\/\/www.macmcclure.com\/wp-content\/uploads\/Frederic-Mompou-Canciones-y-Danzas-150&#215;150-2.jpg\u00bb _builder_version=\u00bb4.16&#8243; text_orientation=\u00bbcenter\u00bb global_colors_info=\u00bb{}\u00bb]Int\u00e9rprete Mac McClure<br \/>\n[\/et_pb_blurb][\/et_pb_column][et_pb_column type=\u00bb1_5&#8243; _builder_version=\u00bb4.18.0&#8243; _module_preset=\u00bbdefault\u00bb global_colors_info=\u00bb{}\u00bb][et_pb_blurb title=\u00bbFrederic Mompou \u2013 Impressions.\u00bb image=\u00bbhttps:\/\/www.macmcclure.com\/wp-content\/uploads\/Frederic-Mompou-Impressions-150&#215;150-2.jpg\u00bb _builder_version=\u00bb4.16&#8243; text_orientation=\u00bbcenter\u00bb global_colors_info=\u00bb{}\u00bb]Int\u00e9rprete Mac McClure<br \/>\n[\/et_pb_blurb][\/et_pb_column][et_pb_column type=\u00bb1_5&#8243; _builder_version=\u00bb4.18.0&#8243; _module_preset=\u00bbdefault\u00bb global_colors_info=\u00bb{}\u00bb][et_pb_blurb title=\u00bbFrederic Mompou \u2013 Combat del Somni.\u00bb image=\u00bbhttps:\/\/www.macmcclure.com\/wp-content\/uploads\/Frederic-Mompou-Combat-del-Soumni-150&#215;150-2.jpg\u00bb _builder_version=\u00bb4.16&#8243; text_orientation=\u00bbcenter\u00bb global_colors_info=\u00bb{}\u00bb]Int\u00e9rprete Mac McClure<br \/>\n[\/et_pb_blurb][\/et_pb_column][et_pb_column type=\u00bb1_5&#8243; _builder_version=\u00bb4.18.0&#8243; _module_preset=\u00bbdefault\u00bb global_colors_info=\u00bb{}\u00bb][et_pb_blurb title=\u00bbFrederic Mompouc \u2013 Songs.\u00bb image=\u00bbhttps:\/\/www.macmcclure.com\/wp-content\/uploads\/Frederic-Mompouc-Songs-150&#215;150-2.jpg\u00bb _builder_version=\u00bb4.16&#8243; text_orientation=\u00bbcenter\u00bb global_colors_info=\u00bb{}\u00bb]Int\u00e9rprete Mac McClure<br \/>\n[\/et_pb_blurb][\/et_pb_column][et_pb_column type=\u00bb1_5&#8243; _builder_version=\u00bb4.18.0&#8243; _module_preset=\u00bbdefault\u00bb global_colors_info=\u00bb{}\u00bb][et_pb_blurb title=\u00bbJ Zamacois.\u00bb image=\u00bbhttps:\/\/www.macmcclure.com\/wp-content\/uploads\/J-Zamacois-150&#215;150-2.jpg\u00bb _builder_version=\u00bb4.16&#8243; text_orientation=\u00bbcenter\u00bb global_colors_info=\u00bb{}\u00bb]Int\u00e9rprete Mac McClure<br \/>\n[\/et_pb_blurb][\/et_pb_column][\/et_pb_row][et_pb_row column_structure=\u00bb1_5,1_5,1_5,1_5,1_5&#8243; module_class=\u00bbfive-columns\u00bb _builder_version=\u00bb4.18.0&#8243; global_colors_info=\u00bb{}\u00bb][et_pb_column type=\u00bb1_5&#8243; _builder_version=\u00bb4.16&#8243; custom_padding=\u00bb|||\u00bb global_colors_info=\u00bb{}\u00bb custom_padding__hover=\u00bb|||\u00bb][et_pb_blurb title=\u00bbJoan Comellas \u2013 Sonatas de Paris.\u00bb image=\u00bbhttps:\/\/www.macmcclure.com\/wp-content\/uploads\/Joan-Comellas-Sonatas-de-Paris-150&#215;150-2.jpg\u00bb _builder_version=\u00bb4.16&#8243; text_orientation=\u00bbcenter\u00bb global_colors_info=\u00bb{}\u00bb]Int\u00e9rprete Mac McClure<br \/>\n[\/et_pb_blurb][\/et_pb_column][et_pb_column type=\u00bb1_5&#8243; _builder_version=\u00bb4.18.0&#8243; _module_preset=\u00bbdefault\u00bb global_colors_info=\u00bb{}\u00bb][et_pb_blurb title=\u00bbJoan Comellas \u2013 Una vetllada amb.\u00bb image=\u00bbhttps:\/\/www.macmcclure.com\/wp-content\/uploads\/Joan-Comellas-Una-vetllada-amb-150&#215;150-2.jpg\u00bb _builder_version=\u00bb4.16&#8243; text_orientation=\u00bbcenter\u00bb global_colors_info=\u00bb{}\u00bb]Int\u00e9rprete Mac McClure<br \/>\n[\/et_pb_blurb][\/et_pb_column][et_pb_column type=\u00bb1_5&#8243; _builder_version=\u00bb4.18.0&#8243; _module_preset=\u00bbdefault\u00bb global_colors_info=\u00bb{}\u00bb][et_pb_blurb title=\u00bbJoan Comellas.\u00bb image=\u00bbhttps:\/\/www.macmcclure.com\/wp-content\/uploads\/Joan-Comellas-150&#215;150.jpg\u00bb _builder_version=\u00bb4.16&#8243; text_orientation=\u00bbcenter\u00bb global_colors_info=\u00bb{}\u00bb]Int\u00e9rprete Mac McClure<br \/>\n[\/et_pb_blurb][\/et_pb_column][et_pb_column type=\u00bb1_5&#8243; _builder_version=\u00bb4.18.0&#8243; _module_preset=\u00bbdefault\u00bb global_colors_info=\u00bb{}\u00bb][et_pb_blurb title=\u00bbLlibre d&#8217; Amic.\u00bb image=\u00bbhttps:\/\/www.macmcclure.com\/wp-content\/uploads\/Libre-d-Amic-150&#215;150-2.jpg\u00bb _builder_version=\u00bb4.16&#8243; text_orientation=\u00bbcenter\u00bb global_colors_info=\u00bb{}\u00bb]Int\u00e9rprete Mac McClure<br \/>\n[\/et_pb_blurb][\/et_pb_column][et_pb_column type=\u00bb1_5&#8243; _builder_version=\u00bb4.18.0&#8243; _module_preset=\u00bbdefault\u00bb global_colors_info=\u00bb{}\u00bb][et_pb_blurb title=\u00bbManuel Valls Gorina.\u00bb image=\u00bbhttps:\/\/www.macmcclure.com\/wp-content\/uploads\/Manuel-Valls-Gorina-150&#215;150-2.jpg\u00bb _builder_version=\u00bb4.16&#8243; text_orientation=\u00bbcenter\u00bb global_colors_info=\u00bb{}\u00bb]Int\u00e9rprete Mac McClure<br \/>\n[\/et_pb_blurb][\/et_pb_column][\/et_pb_row][et_pb_row column_structure=\u00bb1_5,1_5,1_5,1_5,1_5&#8243; module_class=\u00bbfive-columns\u00bb _builder_version=\u00bb4.18.0&#8243; global_colors_info=\u00bb{}\u00bb][et_pb_column type=\u00bb1_5&#8243; _builder_version=\u00bb4.16&#8243; custom_padding=\u00bb|||\u00bb global_colors_info=\u00bb{}\u00bb custom_padding__hover=\u00bb|||\u00bb][et_pb_blurb title=\u00bbMatilde Salvador.\u00bb image=\u00bbhttps:\/\/www.macmcclure.com\/wp-content\/uploads\/Matilde-Salvador-150&#215;150-2.jpg\u00bb _builder_version=\u00bb4.16&#8243; text_orientation=\u00bbcenter\u00bb global_colors_info=\u00bb{}\u00bb]Int\u00e9rprete Mac McClure<br \/>\n[\/et_pb_blurb][\/et_pb_column][et_pb_column type=\u00bb1_5&#8243; _builder_version=\u00bb4.18.0&#8243; _module_preset=\u00bbdefault\u00bb global_colors_info=\u00bb{}\u00bb][et_pb_blurb title=\u00bbMoises Bertran \u2013 Variacion i Fantasia.\u00bb image=\u00bbhttps:\/\/www.macmcclure.com\/wp-content\/uploads\/Moises-Bertran-Variacion-i-Fantasia-150&#215;150-2.jpg\u00bb _builder_version=\u00bb4.16&#8243; text_orientation=\u00bbcenter\u00bb global_colors_info=\u00bb{}\u00bb]Int\u00e9rprete Mac McClure<br \/>\n[\/et_pb_blurb][\/et_pb_column][et_pb_column type=\u00bb1_5&#8243; _builder_version=\u00bb4.18.0&#8243; _module_preset=\u00bbdefault\u00bb global_colors_info=\u00bb{}\u00bb][et_pb_blurb title=\u00bbMusica de Camara Contemporanea de Colombia.\u00bb image=\u00bbhttps:\/\/www.macmcclure.com\/wp-content\/uploads\/Musica-de-Camara-Contemporanea-de-Colombia-150&#215;150-2.jpg\u00bb _builder_version=\u00bb4.16&#8243; text_orientation=\u00bbcenter\u00bb global_colors_info=\u00bb{}\u00bb]Int\u00e9rprete Mac McClure<br \/>\n[\/et_pb_blurb][\/et_pb_column][et_pb_column type=\u00bb1_5&#8243; _builder_version=\u00bb4.18.0&#8243; _module_preset=\u00bbdefault\u00bb global_colors_info=\u00bb{}\u00bb][et_pb_blurb title=\u00bbPau Casals \u2013 Piano Pieces &#038; Songs.\u00bb image=\u00bbhttps:\/\/www.macmcclure.com\/wp-content\/uploads\/Pau-Casals-150&#215;150-2.jpg\u00bb _builder_version=\u00bb4.16&#8243; text_orientation=\u00bbcenter\u00bb global_colors_info=\u00bb{}\u00bb]Int\u00e9rprete Mac McClure<br \/>\n[\/et_pb_blurb][\/et_pb_column][et_pb_column type=\u00bb1_5&#8243; _builder_version=\u00bb4.18.0&#8243; _module_preset=\u00bbdefault\u00bb global_colors_info=\u00bb{}\u00bb][et_pb_blurb title=\u00bbMompou &#038; Company. \u00bb url=\u00bbhttps:\/\/www.macmcclure.com\/discografia\/mompou-company\/\u00bb image=\u00bbhttps:\/\/www.macmcclure.com\/wp-content\/uploads\/Mompou-Company-1.jpg\u00bb _builder_version=\u00bb4.16&#8243; text_orientation=\u00bbcenter\u00bb global_colors_info=\u00bb{}\u00bb]Int\u00e9rprete Mac McClure<br \/>\n[\/et_pb_blurb][\/et_pb_column][\/et_pb_row][et_pb_row column_structure=\u00bb1_5,1_5,1_5,1_5,1_5&#8243; module_class=\u00bbfive-columns\u00bb _builder_version=\u00bb4.18.0&#8243; global_colors_info=\u00bb{}\u00bb][et_pb_column type=\u00bb1_5&#8243; _builder_version=\u00bb4.16&#8243; custom_padding=\u00bb|||\u00bb global_colors_info=\u00bb{}\u00bb custom_padding__hover=\u00bb|||\u00bb][et_pb_blurb title=\u00bbCanciones Vol. 1 Xavier Montsalvatge\u00bb url=\u00bbhttps:\/\/www.macmcclure.com\/discografia\/canciones-vol-1\/\u00bb image=\u00bbhttps:\/\/www.macmcclure.com\/wp-content\/uploads\/b-5.jpg\u00bb _builder_version=\u00bb4.16&#8243; text_orientation=\u00bbcenter\u00bb global_colors_info=\u00bb{}\u00bb]Int\u00e9rpretes: Marisa Martins y Mac McClure.[\/et_pb_blurb][\/et_pb_column][et_pb_column type=\u00bb1_5&#8243; _builder_version=\u00bb4.18.0&#8243; _module_preset=\u00bbdefault\u00bb global_colors_info=\u00bb{}\u00bb][et_pb_blurb title=\u00bbCanciones Vol. 2 Xavier Montsalvatge\u00bb url=\u00bbhttps:\/\/www.macmcclure.com\/discografia\/canciones-vol-2\/\u00bb image=\u00bbhttps:\/\/www.macmcclure.com\/wp-content\/uploads\/c-4.jpg\u00bb _builder_version=\u00bb4.16&#8243; text_orientation=\u00bbcenter\u00bb global_colors_info=\u00bb{}\u00bb]Int\u00e9rpretes: Rosa Mateu, Antoni Comas, Angels Civit and Mac McClure.[\/et_pb_blurb][\/et_pb_column][et_pb_column type=\u00bb1_5&#8243; _builder_version=\u00bb4.18.0&#8243; _module_preset=\u00bbdefault\u00bb global_colors_info=\u00bb{}\u00bb][et_pb_blurb title=\u00bbConcierto Italiano Ricardo Llorca\u00bb url=\u00bbhttps:\/\/www.macmcclure.com\/discografia\/concierto-italiano\/\u00bb image=\u00bbhttps:\/\/www.macmcclure.com\/wp-content\/uploads\/Concierto-Italiano-2.jpg\u00bb _builder_version=\u00bb4.16&#8243; text_orientation=\u00bbcenter\u00bb global_colors_info=\u00bb{}\u00bb]Int\u00e9rpretes \u00c0lex Garrob\u00e9, Pedro Bonet, Bel\u00e9n Gonzalez, Guerassim Voronkov,Nancy Herrera,, Mac McClure, Raimon Garriga[\/et_pb_blurb][\/et_pb_column][et_pb_column type=\u00bb1_5&#8243; _builder_version=\u00bb4.18.0&#8243; _module_preset=\u00bbdefault\u00bb global_colors_info=\u00bb{}\u00bb][et_pb_blurb title=\u00bbCanciones &#038; Danzas Joaqu\u00edn Rodrigo\u00bb url=\u00bbhttps:\/\/www.macmcclure.com\/discografia\/canciones-danzas\/\u00bb image=\u00bbhttps:\/\/www.macmcclure.com\/wp-content\/uploads\/e-2.jpg\u00bb _builder_version=\u00bb4.16&#8243; text_orientation=\u00bbcenter\u00bb global_colors_info=\u00bb{}\u00bb]Int\u00e9rpretes: Isabel Monar, Ala Voronkova y Mac McClure.[\/et_pb_blurb][\/et_pb_column][et_pb_column type=\u00bb1_5&#8243; _builder_version=\u00bb4.18.0&#8243; _module_preset=\u00bbdefault\u00bb global_colors_info=\u00bb{}\u00bb][et_pb_blurb title=\u00bbQuinteto, romanzas y danzas Enric Granados\u00bb url=\u00bbhttps:\/\/www.macmcclure.com\/discografia\/quinteto-romanzas-y-danzas\/\u00bb image=\u00bbhttps:\/\/www.macmcclure.com\/wp-content\/uploads\/Quinteto-romanzas-y-danzas-1-1.jpg\u00bb _builder_version=\u00bb4.16&#8243; text_orientation=\u00bbcenter\u00bb global_colors_info=\u00bb{}\u00bb]Int\u00e9rpretes: Quartet Glinka y Mac McClure.[\/et_pb_blurb][\/et_pb_column][\/et_pb_row][et_pb_row column_structure=\u00bb1_5,1_5,1_5,1_5,1_5&#8243; module_class=\u00bbfive-columns\u00bb _builder_version=\u00bb4.18.0&#8243; custom_padding=\u00bb26.2344px|0|26.2344px|0px|false|false\u00bb global_colors_info=\u00bb{}\u00bb][et_pb_column type=\u00bb1_5&#8243; _builder_version=\u00bb4.16&#8243; custom_padding=\u00bb|||\u00bb global_colors_info=\u00bb{}\u00bb custom_padding__hover=\u00bb|||\u00bb][et_pb_blurb title=\u00bbBach transcriptions Saint-Sa\u00ebns, Busoni y Liszt\u00bb url=\u00bbhttps:\/\/www.macmcclure.com\/discografia\/bach-transcriptions\/\u00bb image=\u00bbhttps:\/\/www.macmcclure.com\/wp-content\/uploads\/h-2.jpg\u00bb _builder_version=\u00bb4.16&#8243; text_orientation=\u00bbcenter\u00bb global_colors_info=\u00bb{}\u00bb]Int\u00e9rprete: Mac McClure.[\/et_pb_blurb][\/et_pb_column][et_pb_column type=\u00bb1_5&#8243; _builder_version=\u00bb4.18.0&#8243; _module_preset=\u00bbdefault\u00bb global_colors_info=\u00bb{}\u00bb][et_pb_blurb title=\u00bbCuarteto indiano Xavier Montsalvatge\u00bb url=\u00bbhttps:\/\/www.macmcclure.com\/discografia\/cuarteto-indiano\/\u00bb image=\u00bbhttps:\/\/www.macmcclure.com\/wp-content\/uploads\/Cuarteto-Indiano-1.jpg\u00bb _builder_version=\u00bb4.16&#8243; text_orientation=\u00bbcenter\u00bb global_colors_info=\u00bb{}\u00bb]Int\u00e9rpretes: Ala Voronkova, Mac McClure, Josephine Fitzpatrick, Manuel Mart\u00ednez del Fresno y el Cuarteto T\u00e0lia.[\/et_pb_blurb][\/et_pb_column][et_pb_column type=\u00bb1_5&#8243; _builder_version=\u00bb4.18.0&#8243; _module_preset=\u00bbdefault\u00bb global_colors_info=\u00bb{}\u00bb][et_pb_blurb title=\u00bbPiano integral Xavier Montsalvatge\u00bb url=\u00bbhttps:\/\/www.macmcclure.com\/discografia\/piano-integral\/\u00bb image=\u00bbhttps:\/\/www.macmcclure.com\/wp-content\/uploads\/Piano-Integral-1.jpg\u00bb _builder_version=\u00bb4.16&#8243; text_orientation=\u00bbcenter\u00bb global_colors_info=\u00bb{}\u00bb]Int\u00e9rpretes: Mac McClure, Marta Zabaleta, Carlota Garriga, Raimon Garriga, Dagmar Mu\u00f1iz, Alfredo Armero, Katia Mitchell y Emili Brugalla.[\/et_pb_blurb][\/et_pb_column][et_pb_column type=\u00bb1_5&#8243; _builder_version=\u00bb4.18.0&#8243; _module_preset=\u00bbdefault\u00bb global_colors_info=\u00bb{}\u00bb][et_pb_blurb title=\u00bbIntegral de piano i viol\u00ed &#038; piano i violoncel Xavier Montsalvatge\u00bb url=\u00bbhttps:\/\/www.macmcclure.com\/discografia\/integral-de-piano-i-violi-piano-i-violoncel\/\u00bb image=\u00bbhttps:\/\/www.macmcclure.com\/wp-content\/uploads\/integralPiano-1.jpg\u00bb _builder_version=\u00bb4.16&#8243; text_orientation=\u00bbcenter\u00bb global_colors_info=\u00bb{}\u00bb]Int\u00e9rpretes: Suzana Stefanovic, Mac McClure, y Ala Voronkova.[\/et_pb_blurb][\/et_pb_column][et_pb_column type=\u00bb1_5&#8243; _builder_version=\u00bb4.18.0&#8243; _module_preset=\u00bbdefault\u00bb global_colors_info=\u00bb{}\u00bb][et_pb_blurb title=\u00bbJoaquim Cassad\u00f3 Pour une Larme\u00bb url=\u00bbhttps:\/\/www.macmcclure.com\/discografia\/integral-de-piano-i-violi-piano-i-violoncel\/\u00bb image=\u00bbhttps:\/\/www.macmcclure.com\/wp-content\/uploads\/Pour-un-larme.jpg\u00bb _builder_version=\u00bb4.16&#8243; text_orientation=\u00bbcenter\u00bb global_colors_info=\u00bb{}\u00bb]<\/p>\n<p>Int\u00e9rpretes: Mac McClure, y Marta Math\u00e9u<\/p>\n<p>[\/et_pb_blurb][\/et_pb_column][\/et_pb_row][et_pb_row column_structure=\u00bb1_4,1_4,1_4,1_4&#8243; module_class=\u00bbtres-columns\u00bb _builder_version=\u00bb4.18.0&#8243; global_colors_info=\u00bb{}\u00bb][et_pb_column type=\u00bb1_4&#8243; _builder_version=\u00bb4.16&#8243; custom_padding=\u00bb|||\u00bb global_colors_info=\u00bb{}\u00bb custom_padding__hover=\u00bb|||\u00bb][et_pb_blurb title=\u00bbBarcelona Blues    Xavier Montsalvatge\u00bb url=\u00bbhttps:\/\/www.macmcclure.com\/discografia\/barcelona-blues\/\u00bb image=\u00bbhttps:\/\/www.macmcclure.com\/wp-content\/uploads\/l-3.jpg\u00bb _builder_version=\u00bb4.16&#8243; text_orientation=\u00bbcenter\u00bb width=\u00bb100%\u00bb custom_padding=\u00bb|0px||||\u00bb global_colors_info=\u00bb{}\u00bb]Int\u00e9rpretes: Magdalena Barrera, Raimon Garriga, Mac McClure, Jaume Torrent y Ala Voronkova.[\/et_pb_blurb][\/et_pb_column][et_pb_column type=\u00bb1_4&#8243; _builder_version=\u00bb4.16&#8243; custom_padding=\u00bb|||\u00bb global_colors_info=\u00bb{}\u00bb custom_padding__hover=\u00bb|||\u00bb][et_pb_blurb title=\u00bb        Alb\u00e9niz integral       Isaac Alb\u00e9niz\u00bb url=\u00bbhttps:\/\/www.macmcclure.com\/discografia\/albeniz-integral\/\u00bb image=\u00bbhttps:\/\/www.macmcclure.com\/wp-content\/uploads\/Albeniz-Integral-1.jpg\u00bb _builder_version=\u00bb4.16&#8243; text_orientation=\u00bbcenter\u00bb width=\u00bb100%\u00bb global_colors_info=\u00bb{}\u00bb]Int\u00e9rpretes: Mac McClure y Antoni Comas.[\/et_pb_blurb][\/et_pb_column][et_pb_column type=\u00bb1_4&#8243; _builder_version=\u00bb4.16&#8243; custom_padding=\u00bb|||\u00bb global_colors_info=\u00bb{}\u00bb custom_padding__hover=\u00bb|||\u00bb][et_pb_blurb title=\u00bb      A l&#8217;entorn del                  Modernisme          Varios autores catalanes\u00bb url=\u00bbhttps:\/\/www.macmcclure.com\/discografia\/a-lentorn-del-modernisme\/\u00bb image=\u00bbhttps:\/\/www.macmcclure.com\/wp-content\/uploads\/n.jpg\u00bb _builder_version=\u00bb4.16&#8243; text_orientation=\u00bbcenter\u00bb width=\u00bb100%\u00bb global_colors_info=\u00bb{}\u00bb]Int\u00e9rpretes: Mac McClure, Antoni Comas, Orfe\u00f3 Catal\u00e0, Federaci\u00f3 de Cors de Clav\u00e9 y la Orquestra Maravella.[\/et_pb_blurb][\/et_pb_column][et_pb_column type=\u00bb1_4&#8243; _builder_version=\u00bb4.16&#8243; custom_padding=\u00bb|||\u00bb global_colors_info=\u00bb{}\u00bb custom_padding__hover=\u00bb|||\u00bb][et_pb_blurb title=\u00bb            I. Albeniz                  Arias &#038; Romanzas\u00bb url=\u00bbhttps:\/\/www.macmcclure.com\/discografia\/a-lentorn-del-modernisme\/\u00bb image=\u00bbhttps:\/\/www.macmcclure.com\/wp-content\/uploads\/Albeniz-Arias-Romanzas.jpg\u00bb _builder_version=\u00bb4.16&#8243; text_orientation=\u00bbcenter\u00bb width=\u00bb100%\u00bb global_colors_info=\u00bb{}\u00bb]<\/p>\n<p>Int\u00e9rpretes: Mac McClure, Antoni Comas, Marissa Martins, Isabel Monar, Claudia Schneider, Louise Toppin\u00a0\u00a0<\/p>\n<p>[\/et_pb_blurb][\/et_pb_column][\/et_pb_row][et_pb_row _builder_version=\u00bb4.18.0&#8243; _module_preset=\u00bbdefault\u00bb global_colors_info=\u00bb{}\u00bb][et_pb_column type=\u00bb4_4&#8243; _builder_version=\u00bb4.18.0&#8243; _module_preset=\u00bbdefault\u00bb global_colors_info=\u00bb{}\u00bb][et_pb_text _builder_version=\u00bb4.18.0&#8243; _module_preset=\u00bbdefault\u00bb global_colors_info=\u00bb{}\u00bb][falangsw display_name=\u00bb0&#8243; display_flags=\u00bb1&#8243; dropdown][\/et_pb_text][\/et_pb_column][\/et_pb_row][\/et_pb_section]<\/p>\n","protected":false},"excerpt":{"rendered":"<p>Interpretes: Anna Tonna, mezzo soprano \u00a0Mac McClure, pianoInterpretes: Mac McClure, Marisa Martin, Katia MichelInt\u00e9rprete Mac McClureInt\u00e9rprete Mac McClure Interprete:\u00a0Marisa Martin y\u00a0Mac McClureInt\u00e9rpretes:\u00a0Juan Carlos Higuita, viol\u00edn\u00a0 \u00a0 \u00a0 \u00a0 \u00a0 \u00a0 \u00a0Mac McClure, piano\u00a0 \u00a0 Int\u00e9rpretes: EAFIT Symphony\u00a0 \u00a0 \u00a0 \u00a0 \u00a0 \u00a0Orchestra, Arcadia Chamber\u00a0 \u00a0 \u00a0 \u00a0 \u00a0 \u00a0 \u00a0 Choir,\u00a0 Tonos Humanos\u00a0 y\u00a0 \u00a0 [&hellip;]<\/p>\n","protected":false},"author":1,"featured_media":0,"parent":0,"menu_order":46,"comment_status":"closed","ping_status":"closed","template":"","meta":{"_et_pb_use_builder":"on","_et_pb_old_content":"<h2>\r\n\t<img alt=\"Albeniz - The French Connection\" class=\"alignnone size-thumbnail wp-image-269\" src=\"http:\/\/macmcclure.com\/wp-content\/uploads\/Albeniz-The-French-Connection-150x150.jpg\" style=\"width: 118px; height: 118px; margin-left: 10px; margin-right: 10px; float: left;\" \/>\r\n<\/h2>\r\n\r\n<h3>\r\n\tAlbeniz - The French Connection.\r\n<\/h3>\r\n\r\n<p>\r\n\tInt\u00e9rprete\u00a0Mac McClure\r\n<\/p>\r\n\r\n<p>\r\n\tM\u00e1s informaci\u00f3n\r\n<\/p>\r\n\r\n<p>\r\n\t\u00a0\r\n<\/p>\r\n\r\n<h2>\r\n\t<img alt=\"Amore de Dona\" class=\"alignnone size-thumbnail wp-image-270\" src=\"http:\/\/macmcclure.com\/wp-content\/uploads\/Amore-de-Dona-150x150.jpg\" style=\"width: 118px; height: 118px; margin-left: 10px; margin-right: 10px; float: left;\" \/>\r\n<\/h2>\r\n\r\n<h3>\r\n\tAmor\u00a0de Dona.\r\n<\/h3>\r\n\r\n<p>\r\n\tInt\u00e9rprete\u00a0Mac McClure\r\n<\/p>\r\n\r\n<p>\r\n\tM\u00e1s informaci\u00f3n\r\n<\/p>\r\n\r\n<p>\r\n\t\u00a0\r\n<\/p>\r\n\r\n<h2>\r\n\t<img alt=\"Anell Sagrat\" class=\"alignnone size-thumbnail wp-image-271\" src=\"http:\/\/macmcclure.com\/wp-content\/uploads\/Anell-Sagrat-150x150.jpg\" style=\"width: 118px; height: 118px; margin-left: 10px; margin-right: 10px; float: left;\" \/>\r\n<\/h2>\r\n\r\n<h3>\r\n\tAnell Sagrat.\r\n<\/h3>\r\n\r\n<p>\r\n\tInt\u00e9rprete\u00a0Mac McClure\r\n<\/p>\r\n\r\n<p>\r\n\tM\u00e1s informaci\u00f3n\r\n<\/p>\r\n\r\n<p>\r\n\t\u00a0\r\n<\/p>\r\n\r\n<h2>\r\n\t<img alt=\"Carlota Garrica - Elegia\" class=\"alignnone size-thumbnail wp-image-272\" src=\"http:\/\/macmcclure.com\/wp-content\/uploads\/Carlota-Garrica-Elegia-150x150.jpg\" style=\"width: 118px; height: 118px; margin-left: 10px; margin-right: 10px; float: left;\" \/>\r\n<\/h2>\r\n\r\n<h3>\r\n\tCarlota Garrica - Elegia.\r\n<\/h3>\r\n\r\n<p>\r\n\tInt\u00e9rprete\u00a0Mac McClure\r\n<\/p>\r\n\r\n<p>\r\n\tM\u00e1s informaci\u00f3n\r\n<\/p>\r\n\r\n<p>\r\n\t\u00a0\r\n<\/p>\r\n\r\n<h2>\r\n\t<img alt=\"Consuelo Colomer\" class=\"alignnone size-thumbnail wp-image-273\" src=\"http:\/\/macmcclure.com\/wp-content\/uploads\/Consuelo-Colomer-150x150.jpg\" style=\"width: 118px; height: 118px; margin-left: 10px; margin-right: 10px; float: left;\" \/>\r\n<\/h2>\r\n\r\n<h3>\r\n\tConsuelo Colomer.\r\n<\/h3>\r\n\r\n<p>\r\n\tInt\u00e9rprete\u00a0Mac McClure\r\n<\/p>\r\n\r\n<p>\r\n\tM\u00e1s informaci\u00f3n\r\n<\/p>\r\n\r\n<p>\r\n\t\u00a0\r\n<\/p>\r\n\r\n<h2>\r\n\t<img alt=\"Frederic Mompou - Canciones y Danzas\" class=\"alignnone size-thumbnail wp-image-274\" src=\"http:\/\/macmcclure.com\/wp-content\/uploads\/Frederic-Mompou-Canciones-y-Danzas-150x150.jpg\" style=\"width: 118px; height: 118px; margin-left: 10px; margin-right: 10px; float: left;\" \/>\r\n<\/h2>\r\n\r\n<h3>\r\n\tFrederic Mompou - Canciones y Danzas.\r\n<\/h3>\r\n\r\n<p>\r\n\tInt\u00e9rprete\u00a0Mac McClure\r\n<\/p>\r\n\r\n<p>\r\n\tM\u00e1s informaci\u00f3n\r\n<\/p>\r\n\r\n<p>\r\n\t\u00a0\r\n<\/p>\r\n\r\n<h2>\r\n\t<img alt=\"Frederic Mompou - Impressions\" class=\"alignnone size-thumbnail wp-image-275\" src=\"http:\/\/macmcclure.com\/wp-content\/uploads\/Frederic-Mompou-Impressions-150x150.jpg\" style=\"width: 118px; height: 118px; margin-left: 10px; margin-right: 10px; float: left;\" \/>\r\n<\/h2>\r\n\r\n<h3>\r\n\tFrederic Mompou - Impressions.\r\n<\/h3>\r\n\r\n<p>\r\n\tInt\u00e9rprete\u00a0Mac McClure\r\n<\/p>\r\n\r\n<p>\r\n\tM\u00e1s informaci\u00f3n\r\n<\/p>\r\n\r\n<p>\r\n\t\u00a0\r\n<\/p>\r\n\r\n<h2>\r\n\t<img alt=\"Frederic Mompou Combat del  Soumni\" class=\"alignnone size-thumbnail wp-image-276\" src=\"http:\/\/macmcclure.com\/wp-content\/uploads\/Frederic-Mompou-Combat-del-Soumni-150x150.jpg\" style=\"width: 118px; height: 118px; margin-left: 10px; margin-right: 10px; float: left;\" \/>\r\n<\/h2>\r\n\r\n<h3>\r\n\tFrederic Mompou - Combat del Somni.\r\n<\/h3>\r\n\r\n<p>\r\n\tInt\u00e9rprete\u00a0Mac McClure\r\n<\/p>\r\n\r\n<p>\r\n\tM\u00e1s informaci\u00f3n\r\n<\/p>\r\n\r\n<p>\r\n\t\u00a0\r\n<\/p>\r\n\r\n<h2>\r\n\t<img alt=\"Frederic Mompouc Songs\" class=\"alignnone size-thumbnail wp-image-277\" src=\"http:\/\/macmcclure.com\/wp-content\/uploads\/Frederic-Mompouc-Songs-150x150.jpg\" style=\"width: 118px; height: 118px; margin-left: 10px; margin-right: 10px; float: left;\" \/>\r\n<\/h2>\r\n\r\n<h3>\r\n\tFrederic Mompouc - Songs.\r\n<\/h3>\r\n\r\n<p>\r\n\tInt\u00e9rprete\u00a0Mac McClure\r\n<\/p>\r\n\r\n<p>\r\n\tM\u00e1s informaci\u00f3n\r\n<\/p>\r\n\r\n<p>\r\n\t\u00a0\r\n<\/p>\r\n\r\n<h2>\r\n\t<img alt=\"J Zamacois\" class=\"alignnone size-thumbnail wp-image-278\" src=\"http:\/\/macmcclure.com\/wp-content\/uploads\/J-Zamacois-150x150.jpg\" style=\"width: 118px; height: 118px; margin-left: 10px; margin-right: 10px; float: left;\" \/>\r\n<\/h2>\r\n\r\n<h3>\r\n\tJ Zamacois.\r\n<\/h3>\r\n\r\n<p>\r\n\tInt\u00e9rprete\u00a0Mac McClure\r\n<\/p>\r\n\r\n<p>\r\n\tM\u00e1s informaci\u00f3n\r\n<\/p>\r\n\r\n<p>\r\n\t\u00a0\r\n<\/p>\r\n\r\n<h2>\r\n\t<img alt=\"Joan Comellas - Sonatas de Paris\" class=\"alignnone size-thumbnail wp-image-279\" src=\"http:\/\/macmcclure.com\/wp-content\/uploads\/Joan-Comellas-Sonatas-de-Paris-150x150.jpg\" style=\"width: 118px; height: 118px; margin-left: 10px; margin-right: 10px; float: left;\" \/>\r\n<\/h2>\r\n\r\n<h3>\r\n\tJoan Comellas - Sonatas de Paris.\r\n<\/h3>\r\n\r\n<p>\r\n\tInt\u00e9rprete\u00a0Mac McClure\r\n<\/p>\r\n\r\n<p>\r\n\tM\u00e1s informaci\u00f3n\r\n<\/p>\r\n\r\n<p>\r\n\t\u00a0\r\n<\/p>\r\n\r\n<h2>\r\n\t<img alt=\"Joan Comellas - Una vetllada amb\" class=\"alignnone size-thumbnail wp-image-280\" src=\"http:\/\/macmcclure.com\/wp-content\/uploads\/Joan-Comellas-Una-vetllada-amb-150x150.jpg\" style=\"width: 118px; height: 118px; margin-left: 10px; margin-right: 10px; float: left;\" \/>\r\n<\/h2>\r\n\r\n<h3>\r\n\tJoan Comellas - Una vetllada amb.\r\n<\/h3>\r\n\r\n<p>\r\n\tInt\u00e9rprete\u00a0Mac McClure\r\n<\/p>\r\n\r\n\r\n<p>\r\n\tM\u00e1s informaci\u00f3n\r\n<\/p>\r\n\r\n<p>\r\n\t\u00a0\r\n<\/p>\r\n\r\n<h2>\r\n\t<img alt=\"Joan Comellas\" class=\"alignnone size-thumbnail wp-image-281\" src=\"http:\/\/macmcclure.com\/wp-content\/uploads\/Joan-Comellas-150x150.png\" style=\"width: 118px; height: 118px; margin-left: 10px; margin-right: 10px; float: left;\" \/>\r\n<\/h2>\r\n\r\n<h3>\r\n\tJoan Comellas.\r\n<\/h3>\r\n\r\n<p>\r\n\tInt\u00e9rprete\u00a0Mac McClure\r\n<\/p>\r\n\r\n<p>\r\n\tM\u00e1s informaci\u00f3n\r\n<\/p>\r\n\r\n<p>\r\n\t\u00a0\r\n<\/p>\r\n\r\n<h2>\r\n\t<img alt=\"Libre d Amic\" class=\"alignnone size-thumbnail wp-image-282\" src=\"http:\/\/macmcclure.com\/wp-content\/uploads\/Libre-d-Amic-150x150.jpg\" style=\"width: 118px; height: 118px; margin-left: 10px; margin-right: 10px; float: left;\" \/>\r\n<\/h2>\r\n\r\n<h3>\r\n\tLlibre d' Amic.\r\n<\/h3>\r\n\r\n<p>\r\n\tInt\u00e9rprete\u00a0Mac McClure\r\n<\/p>\r\n\r\n<p>\r\n\tM\u00e1s informaci\u00f3n\r\n<\/p>\r\n\r\n<p>\r\n\t\u00a0\r\n<\/p>\r\n\r\n<h2>\r\n\t<img alt=\"Manuel Valls Gorina\" class=\"alignnone size-thumbnail wp-image-283\" src=\"http:\/\/macmcclure.com\/wp-content\/uploads\/Manuel-Valls-Gorina-150x150.jpg\" style=\"width: 118px; height: 118px; margin-left: 10px; margin-right: 10px; float: left;\" \/>\r\n<\/h2>\r\n\r\n<h3>\r\n\tManuel Valls Gorina.\r\n<\/h3>\r\n\r\n<p>\r\n\tInt\u00e9rprete\u00a0Mac McClure\r\n<\/p>\r\n\r\n<p>\r\n\tM\u00e1s informaci\u00f3n\r\n<\/p>\r\n\r\n<p>\r\n\t\u00a0\r\n<\/p>\r\n\r\n<h2>\r\n\t<img alt=\"Matilde Salvador\" class=\"alignnone size-thumbnail wp-image-284\" src=\"http:\/\/macmcclure.com\/wp-content\/uploads\/Matilde-Salvador-150x150.jpg\" style=\"width: 118px; height: 118px; margin-left: 10px; margin-right: 10px; float: left;\" \/>\r\n<\/h2>\r\n\r\n<h3>\r\n\tMatilde Salvador.\r\n<\/h3>\r\n\r\n<p>\r\n\tInt\u00e9rprete\u00a0Mac McClure\r\n<\/p>\r\n\r\n<p>\r\n\tM\u00e1s informaci\u00f3n\r\n<\/p>\r\n\r\n<p>\r\n\t\u00a0\r\n<\/p>\r\n\r\n<h2>\r\n\t<img alt=\"Moises Bertran - Variacion i Fantasia\" class=\"alignnone size-thumbnail wp-image-285\" src=\"http:\/\/macmcclure.com\/wp-content\/uploads\/Moises-Bertran-Variacion-i-Fantasia-150x150.jpg\" style=\"width: 118px; height: 118px; margin-left: 10px; margin-right: 10px; float: left;\" \/>\r\n<\/h2>\r\n\r\n<h3>\r\n\tMoises Bertran - Variacion i Fantasia.\r\n<\/h3>\r\n\r\n<p>\r\n\tInt\u00e9rprete\u00a0Mac McClure\r\n<\/p>\r\n\r\n<p>\r\n\tM\u00e1s informaci\u00f3n\r\n<\/p>\r\n\r\n<p>\r\n\t\u00a0\r\n<\/p>\r\n\r\n<h2>\r\n\t<img alt=\"Musica de Camara Contemporanea de Colombia\" class=\"alignnone size-thumbnail wp-image-286\" src=\"http:\/\/macmcclure.com\/wp-content\/uploads\/Musica-de-Camara-Contemporanea-de-Colombia-150x150.jpg\" style=\"width: 118px; height: 118px; margin-left: 10px; margin-right: 10px; float: left;\" \/>\r\n<\/h2>\r\n\r\n<h3>\r\n\tMusica de Camara Contemporanea de Colombia.\r\n<\/h3>\r\n\r\n<p>\r\n\tInt\u00e9rprete\u00a0Mac McClure\r\n<\/p>\r\n\r\n<p>\r\n\tM\u00e1s informaci\u00f3n\r\n<\/p>\r\n\r\n<p>\r\n\t\u00a0\r\n<\/p>\r\n\r\n<h2>\r\n\t<img alt=\"Pau Casals\" class=\"alignnone size-thumbnail wp-image-287\" src=\"http:\/\/macmcclure.com\/wp-content\/uploads\/Pau-Casals-150x150.jpg\" style=\"width: 118px; height: 118px; margin-left: 10px; margin-right: 10px; float: left;\" \/>\r\n<\/h2>\r\n\r\n<h3>\r\n\tPau Casals - Piano Pieces & Songs.\r\n<\/h3>\r\n\r\n<p>\r\n\tInt\u00e9rprete\u00a0Mac McClure\r\n<\/p>\r\n\r\n<p>\r\n\tM\u00e1s informaci\u00f3n\r\n<\/p>\r\n\r\n<p>\r\n\t\u00a0\r\n<\/p>\r\n\r\n<h2>\r\n\t<a href=\"\/?page_id=94\"><img alt=\"a\" class=\"alignnone size-full wp-image-22\" src=\"http:\/\/macmcclure.com\/wp-content\/uploads\/a.jpg\" style=\"width: 118px; height: 122px; float: left; margin-left: 10px; margin-right: 10px;\" \/>Mompou & Company<\/a>\r\n<\/h2>\r\n\r\n<h3>\r\n\tMompou, Massana, Blancafort, Surinach, Torra, Garriga . .\r\n<\/h3>\r\n\r\n<p>\r\n\tInt\u00e9rprete\u00a0Mac McClure\r\n<\/p>\r\n\r\n<p>\r\n\tM\u00e1s informaci\u00f3n\r\n<\/p>\r\n\r\n<p>\r\n\t\u00a0\r\n<\/p>\r\n\r\n<h2>\r\n\t<a href=\"\/?page_id=98\"><img alt=\"b\" class=\"alignnone size-full wp-image-23\" src=\"http:\/\/macmcclure.com\/wp-content\/uploads\/b.jpg\" style=\"width: 122px; height: 122px; margin-left: 10px; margin-right: 10px; float: left;\" \/>Canciones Vol. 1<\/a>\r\n<\/h2>\r\n\r\n<h3>\r\n\tXavier Montsalvatge\r\n<\/h3>\r\n\r\n<p>\r\n\tInt\u00e9rpretes:\u00a0Marisa Martins\u00a0y Mac McClure.\r\n<\/p>\r\n\r\n<p>\r\n\tM\u00e1s informaci\u00f3n\r\n<\/p>\r\n\r\n<p>\r\n\t\u00a0\r\n<\/p>\r\n\r\n<h2>\r\n\t<a href=\"\/?page_id=102\"><img alt=\"c\" class=\"alignnone size-full wp-image-24\" src=\"http:\/\/macmcclure.com\/wp-content\/uploads\/c.jpg\" style=\"width: 122px; height: 122px; margin-left: 10px; margin-right: 10px; float: left;\" \/>Canciones Vol. 2<\/a>\r\n<\/h2>\r\n\r\n<h3>\r\n\tXavier Montsalvatge\r\n<\/h3>\r\n\r\n<p>\r\n\tInt\u00e9rpretes:\u00a0Rosa Mateu, Antoni Comas, Angels Civit and Mac McClure.\r\n<\/p>\r\n\r\n<p>\r\n\tM\u00e1s informaci\u00f3n\r\n<\/p>\r\n\r\n<p>\r\n\t\u00a0\r\n<\/p>\r\n\r\n<h2>\r\n\t<a href=\"\/?page_id=105\"><img alt=\"d\" class=\"alignnone size-full wp-image-25\" src=\"http:\/\/macmcclure.com\/wp-content\/uploads\/d.jpg\" style=\"width: 122px; height: 122px; margin-left: 10px; margin-right: 10px; float: left;\" \/>Concierto Italiano<\/a>\r\n<\/h2>\r\n\r\n<h3>\r\n\tRicardo Llorca\r\n<\/h3>\r\n\r\n<p>\r\n\tInt\u00e9rpretes\u00a0\u00c0lex Garrob\u00e9, Pedro Bonet, Bel\u00e9n Gonzalez, Guerassim Voronkov,Nancy Herrera,, Mac McClure, Raimon Garriga\r\n<\/p>\r\n\r\n<p>\r\n\tM\u00e1s informaci\u00f3n\r\n<\/p>\r\n\r\n<p>\r\n\t\u00a0\r\n<\/p>\r\n\r\n<h2>\r\n\t<a href=\"\/?page_id=111\"><img alt=\"e\" class=\"alignnone size-full wp-image-26\" src=\"http:\/\/macmcclure.com\/wp-content\/uploads\/e.jpg\" style=\"width: 122px; height: 122px; margin-left: 10px; margin-right: 10px; float: left;\" \/>Canciones & Danzas<\/a>\r\n<\/h2>\r\n\r\n<h3>\r\n\tJoaqu\u00edn Rodrigo\r\n<\/h3>\r\n\r\n<p>\r\n\tInt\u00e9rpretes: Isabel Monar,\u00a0Ala Voronkova\u00a0y Mac McClure.\r\n<\/p>\r\n\r\n<p>\r\n\tM\u00e1s informaci\u00f3n\r\n<\/p>\r\n\r\n<p>\r\n\t\u00a0\r\n<\/p>\r\n\r\n<h2>\r\n\t<a href=\"\/?page_id=115\"><img alt=\"f\" class=\"alignnone size-full wp-image-27\" src=\"http:\/\/macmcclure.com\/wp-content\/uploads\/f.jpg\" style=\"width: 122px; height: 122px; margin-left: 10px; margin-right: 10px; float: left;\" \/>Quinteto, romanzas y danzas<\/a>\r\n<\/h2>\r\n\r\n<h3>\r\n\tEnric Granados\r\n<\/h3>\r\n\r\n<p>\r\n\tInt\u00e9rpretes: Quartet Glinka y Mac McClure.\r\n<\/p>\r\n\r\n<p>\r\n\tM\u00e1s informaci\u00f3n\r\n<\/p>\r\n\r\n<p>\r\n\t\u00a0\r\n<\/p>\r\n\r\n<h2>\r\n\t<a href=\"\/?page_id=176\"><img alt=\"g\" class=\"alignnone size-full wp-image-28\" src=\"http:\/\/macmcclure.com\/wp-content\/uploads\/g.jpg\" style=\"width: 122px; height: 122px; margin-left: 10px; margin-right: 10px; float: left;\" \/>Arias & Romanzas<\/a>\r\n<\/h2>\r\n\r\n<h3>\r\n\tIsaac Alb\u00e9niz\r\n<\/h3>\r\n\r\n<p>\r\n\tInt\u00e9rpretes: Isabel Monar, Louise Toppin, Claudia Schneider, Antonio Comas, Enric Mart\u00ednez-Castignani y Mac McClure.\r\n<\/p>\r\n\r\n<p>\r\n\tM\u00e1s informaci\u00f3n\r\n<\/p>\r\n\r\n<p>\r\n\t\u00a0\r\n<\/p>\r\n\r\n<h2>\r\n\t<a href=\"\/?page_id=182\"><img alt=\"h\" class=\"alignnone size-full wp-image-29\" src=\"http:\/\/macmcclure.com\/wp-content\/uploads\/h.jpg\" style=\"width: 122px; height: 122px; margin-left: 10px; margin-right: 10px; float: left;\" \/>Bach transcriptions<\/a>\r\n<\/h2>\r\n\r\n<h3>\r\n\tSaint-Sa\u00ebns, Busoni y Liszt\r\n<\/h3>\r\n\r\n<p>\r\n\tInt\u00e9rprete: Mac McClure.\r\n<\/p>\r\n\r\n<p>\r\n\tM\u00e1s informaci\u00f3n\r\n<\/p>\r\n\r\n<p>\r\n\t\u00a0\r\n<\/p>\r\n\r\n<h2>\r\n\t<a href=\"\/?page_id=184\"><img alt=\"i\" class=\"alignnone size-full wp-image-30\" src=\"http:\/\/macmcclure.com\/wp-content\/uploads\/i.jpg\" style=\"width: 122px; height: 122px; margin-left: 10px; margin-right: 10px; float: left;\" \/>Cuarteto indiano<\/a>\r\n<\/h2>\r\n\r\n<h3>\r\n\tXavier Montsalvatge\r\n<\/h3>\r\n\r\n<p>\r\n\tInt\u00e9rpretes: Ala Voronkova, Mac McClure, Josephine Fitzpatrick, Manuel Mart\u00ednez del Fresno y el Cuarteto T\u00e0lia.\r\n<\/p>\r\n\r\n<p>\r\n\tM\u00e1s informaci\u00f3n\r\n<\/p>\r\n\r\n<p>\r\n\t\u00a0\r\n<\/p>\r\n\r\n<h2>\r\n\t<a href=\"\/?page_id=189\"><img alt=\"j\" class=\"alignnone size-full wp-image-31\" src=\"http:\/\/macmcclure.com\/wp-content\/uploads\/j.jpg\" style=\"width: 122px; height: 123px; margin-left: 10px; margin-right: 10px; float: left;\" \/>Piano integral<\/a>\r\n<\/h2>\r\n\r\n<h3>\r\n\tXavier Montsalvatge\r\n<\/h3>\r\n\r\n<p>\r\n\tInt\u00e9rpretes: Mac McClure, Marta Zabaleta, Carlota Garriga, Raimon Garriga, Dagmar Mu\u00f1iz, Alfredo Armero, Katia Mitchell y Emili Brugalla.\r\n<\/p>\r\n\r\n<p>\r\n\tM\u00e1s informaci\u00f3n\r\n<\/p>\r\n\r\n<p>\r\n\t\u00a0\r\n<\/p>\r\n\r\n<h2>\r\n\t<a href=\"\/?page_id=192\"><img alt=\"k\" class=\"alignnone size-full wp-image-32\" src=\"http:\/\/macmcclure.com\/wp-content\/uploads\/k.jpg\" style=\"width: 122px; height: 123px; margin-left: 10px; margin-right: 10px; float: left;\" \/>Integral de piano i viol\u00ed & piano i violoncel<\/a>\r\n<\/h2>\r\n\r\n<h3>\r\n\tXavier Montsalvatge\r\n<\/h3>\r\n\r\n<p>\r\n\tInt\u00e9rpretes: Suzana Stefanovic, Mac McClure, y Ala Voronkova.\r\n<\/p>\r\n\r\n<p>\r\n\tM\u00e1s informaci\u00f3n\r\n<\/p>\r\n\r\n<p>\r\n\t\u00a0\r\n<\/p>\r\n\r\n<h2>\r\n\t<a href=\"\/?page_id=194\"><img alt=\"l\" class=\"alignnone size-full wp-image-33\" src=\"http:\/\/macmcclure.com\/wp-content\/uploads\/l.jpg\" style=\"width: 122px; height: 123px; margin-left: 10px; margin-right: 10px; float: left;\" \/>Barcelona Blues<\/a>\u00a0\r\n<\/h2>\r\n\r\n<h3>\r\n\tXavier Montsalvatge\r\n<\/h3>\r\n\r\n<p>\r\n\tInt\u00e9rpretes: Magdalena Barrera, Raimon Garriga, Mac McClure, Jaume Torrent y Ala Voronkova.\r\n<\/p>\r\n\r\n<p>\r\n\tM\u00e1s informaci\u00f3n\r\n<\/p>\r\n\r\n<p>\r\n\t\u00a0\r\n<\/p>\r\n\r\n<h2>\r\n\t<a href=\"\/?page_id=197\"><img alt=\"m\" class=\"alignnone size-full wp-image-34\" src=\"http:\/\/macmcclure.com\/wp-content\/uploads\/m.jpg\" style=\"width: 122px; height: 122px; margin-left: 10px; margin-right: 10px; float: left;\" \/>Alb\u00e9niz integral<\/a>\u00a0\r\n<\/h2>\r\n\r\n<h3>\r\n\tIsaac Alb\u00e9niz\r\n<\/h3>\r\n\r\n<p>\r\n\tInt\u00e9rpretes: Mac McClure y Antoni Comas.\r\n<\/p>\r\n\r\n<p>\r\n\tM\u00e1s informaci\u00f3n\r\n<\/p>\r\n\r\n<p>\r\n\t\u00a0\r\n<\/p>\r\n\r\n<h2>\r\n\t<a href=\"\/?page_id=201\"><img alt=\"n\" class=\"alignnone size-full wp-image-35\" src=\"http:\/\/macmcclure.com\/wp-content\/uploads\/n.gif\" style=\"width: 122px; height: 119px; margin-left: 10px; margin-right: 10px; float: left;\" \/><\/a>\u200b<a href=\"\/?page_id=201\">A l'entorn del Modernisme\u00a0<\/a>\r\n<\/h2>\r\n\r\n<h3>\r\n\tVarios autores catalanes\r\n<\/h3>\r\n\r\n<p>\r\n\tInt\u00e9rpretes: Mac McClure, Antoni Comas, Orfe\u00f3 Catal\u00e0, Federaci\u00f3 de Cors de Clav\u00e9 y la Orquestra Maravella.\r\n<\/p>\r\n\r\n<p>\r\n\tM\u00e1s informaci\u00f3n\r\n<\/p>","_et_gb_content_width":"","pgc_sgb_lightbox_settings":""},"aioseo_notices":[],"_links":{"self":[{"href":"https:\/\/www.macmcclure.com\/en\/wp-json\/wp\/v2\/pages\/86"}],"collection":[{"href":"https:\/\/www.macmcclure.com\/en\/wp-json\/wp\/v2\/pages"}],"about":[{"href":"https:\/\/www.macmcclure.com\/en\/wp-json\/wp\/v2\/types\/page"}],"author":[{"embeddable":true,"href":"https:\/\/www.macmcclure.com\/en\/wp-json\/wp\/v2\/users\/1"}],"replies":[{"embeddable":true,"href":"https:\/\/www.macmcclure.com\/en\/wp-json\/wp\/v2\/comments?post=86"}],"version-history":[{"count":27,"href":"https:\/\/www.macmcclure.com\/en\/wp-json\/wp\/v2\/pages\/86\/revisions"}],"predecessor-version":[{"id":5422,"href":"https:\/\/www.macmcclure.com\/en\/wp-json\/wp\/v2\/pages\/86\/revisions\/5422"}],"wp:attachment":[{"href":"https:\/\/www.macmcclure.com\/en\/wp-json\/wp\/v2\/media?parent=86"}],"curies":[{"name":"wp","href":"https:\/\/api.w.org\/{rel}","templated":true}]}}